{"id":307,"date":"2020-02-07T11:34:56","date_gmt":"2020-02-07T11:34:56","guid":{"rendered":"https:\/\/www.bavoillotavocats.com\/?page_id=307"},"modified":"2020-02-07T19:41:01","modified_gmt":"2020-02-07T19:41:01","slug":"confidentialite","status":"publish","type":"page","link":"https:\/\/www.bavoillotavocats.com\/index.php\/fr\/confidentialite\/","title":{"rendered":"Confidentialit\u00e9"},"content":{"rendered":"\n<h5 class=\"has-text-align-center wp-block-heading\">Le Cabinet met en \u0153uvre des traitements de donn\u00e9es \u00e0 caract\u00e8re personnel.<\/h5>\n\n\n\n<ul class=\"wp-block-list\"><li>Les traitements de donn\u00e9es \u00e0 caract\u00e8re personnel mis en \u0153uvre ont pour base juridique l\u2019int\u00e9r\u00eat l\u00e9gitime poursuivi par le Cabinet lorsqu\u2019il poursuit les finalit\u00e9s suivantes :<\/li><\/ul>\n\n\n\n<ul class=\"wp-block-list\"><li>la prospection et l\u2019animation ;<\/li><\/ul>\n\n\n\n<ul class=\"wp-block-list\"><li>la gestion de la relation avec ses clients et prospects ;<\/li><\/ul>\n\n\n\n<ul class=\"wp-block-list\"><li>l\u2019organisation, inscription et invitation aux \u00e9v\u00e9nements du Cabinet.<\/li><\/ul>\n\n\n\n<ul class=\"wp-block-list\"><li>l\u2019ex\u00e9cution de mesures pr\u00e9contractuelles ou du contrat lorsqu\u2019il met en \u0153uvre un traitement ayant pour finalit\u00e9 :<\/li><\/ul>\n\n\n\n<ul class=\"wp-block-list\"><li class=\"margelist\">la production, la gestion, le suivi des dossiers de ses clients ;<\/li><\/ul>\n\n\n\n<ul class=\"wp-block-list\"><li class=\"margelist\">le recouvrement.<\/li><\/ul>\n\n\n\n<ul class=\"wp-block-list\"><li>le respect d\u2019obligations l\u00e9gales et r\u00e9glementaires lorsqu\u2019il met en \u0153uvre un traitement ayant pour finalit\u00e9 :<\/li><\/ul>\n\n\n\n<ul class=\"wp-block-list\"><li class=\"margelist\">la pr\u00e9vention du blanchiment et du financement du terrorisme et la lutte contre la corruption ;<\/li><\/ul>\n\n\n\n<ul class=\"wp-block-list\"><li class=\"margelist\">la facturation ;<\/li><\/ul>\n\n\n\n<ul class=\"wp-block-list\"><li class=\"margelist\">la comptabilit\u00e9.<\/li><\/ul>\n\n\n\n<ul class=\"wp-block-list\"><li>Le Cabinet ne conserve les donn\u00e9es que pour la dur\u00e9e n\u00e9cessaire aux op\u00e9rations pour lesquelles elles ont \u00e9t\u00e9 collect\u00e9es ainsi que dans le respect de la r\u00e8glementation en vigueur.<\/li><\/ul>\n\n\n\n<ul class=\"wp-block-list\"><li>A cet \u00e9gard, les donn\u00e9es des clients sont conserv\u00e9es pendant la dur\u00e9e des relations contractuelles augment\u00e9e de 3 ans \u00e0 des fins d\u2019animation et prospection, sans pr\u00e9judice des obligations de conservation ou des d\u00e9lais de prescription. En mati\u00e8re de pr\u00e9vention du blanchiment et du financement du terrorisme, les donn\u00e9es sont conserv\u00e9es 5 ans apr\u00e8s la fin des relations avec le Cabinet. En mati\u00e8re de comptabilit\u00e9, elles sont conserv\u00e9es 10 ans \u00e0 compter de la cl\u00f4ture de l\u2019exercice comptable.<\/li><\/ul>\n\n\n\n<ul class=\"wp-block-list\"><li>Les donn\u00e9es des prospects sont conserv\u00e9es pendant une dur\u00e9e de 3 ans si aucune participation ou inscription aux \u00e9v\u00e9nements du cabinet n\u2019a eu lieu.<\/li><\/ul>\n\n\n\n<ul class=\"wp-block-list\"><li>Les donn\u00e9es trait\u00e9es sont destin\u00e9es aux personnes habilit\u00e9es du Cabinet, ainsi qu\u2019\u00e0 ses prestataires.<\/li><\/ul>\n\n\n\n<ul class=\"wp-block-list\"><li>Dans les conditions d\u00e9finies par la loi Informatique et libert\u00e9s et le r\u00e8glement europ\u00e9en sur la protection des donn\u00e9es, les personnes physiques disposent d\u2019un droit d\u2019acc\u00e8s aux donn\u00e9es les concernant, de rectification, d\u2019interrogation, de limitation, de portabilit\u00e9, d\u2019effacement.<\/li><\/ul>\n\n\n\n<ul class=\"wp-block-list\"><li>Les personnes concern\u00e9es par les traitements mis en \u0153uvre disposent \u00e9galement d\u2019un droit de s\u2019opposer \u00e0 tout moment, pour des raisons tenant \u00e0 leur situation particuli\u00e8re, \u00e0 un traitement des donn\u00e9es \u00e0 caract\u00e8re personnel ayant comme base juridique l\u2019int\u00e9r\u00eat l\u00e9gitime du Cabinet, ainsi que d\u2019un droit d\u2019opposition \u00e0 la prospection commerciale.<\/li><\/ul>\n\n\n\n<ul class=\"wp-block-list\"><li>Elles disposent \u00e9galement du droit de d\u00e9finir des directives g\u00e9n\u00e9rales et particuli\u00e8res d\u00e9finissant la mani\u00e8re dont elles entendent que soient exerc\u00e9s, apr\u00e8s leur d\u00e9c\u00e8s, les droits mentionn\u00e9s ci-dessus en adressant un courrier au Cabinet \u00e0 l\u2019adresse suivante\u00a0: 11 rue Th\u00e9odule Ribot 75017 Paris France, accompagn\u00e9 d\u2019une copie d\u2019un titre d\u2019identit\u00e9 sign\u00e9. <\/li><\/ul>\n\n\n\n<ul class=\"wp-block-list\"><li>Les personnes concern\u00e9es disposent du droit d\u2019introduire une r\u00e9clamation aupr\u00e8s de la Cnil.<\/li><\/ul>\n","protected":false},"excerpt":{"rendered":"<p>Le Cabinet met en \u0153uvre des traitements de donn\u00e9es \u00e0 caract\u00e8re personnel. Les traitements de donn\u00e9es \u00e0 caract\u00e8re personnel mis en \u0153uvre ont pour base juridique l\u2019int\u00e9r\u00eat l\u00e9gitime poursuivi par le Cabinet lorsqu\u2019il poursuit les finalit\u00e9s suivantes : la prospection et l\u2019animation ; la gestion de la relation avec ses clients et prospects ; l\u2019organisation, &hellip; <a href=\"https:\/\/www.bavoillotavocats.com\/index.php\/fr\/confidentialite\/\" class=\"more-link\">Continue reading<span class=\"screen-reader-text\"> &#8220;Confidentialit\u00e9&#8221;<\/span><\/a><\/p>\n","protected":false},"author":1,"featured_media":0,"parent":0,"menu_order":0,"comment_status":"closed","ping_status":"closed","template":"","meta":{"inline_featured_image":false,"footnotes":""},"class_list":["post-307","page","type-page","status-publish","hentry"],"_links":{"self":[{"href":"https:\/\/www.bavoillotavocats.com\/index.php\/wp-json\/wp\/v2\/pages\/307","targetHints":{"allow":["GET"]}}],"collection":[{"href":"https:\/\/www.bavoillotavocats.com\/index.php\/wp-json\/wp\/v2\/pages"}],"about":[{"href":"https:\/\/www.bavoillotavocats.com\/index.php\/wp-json\/wp\/v2\/types\/page"}],"author":[{"embeddable":true,"href":"https:\/\/www.bavoillotavocats.com\/index.php\/wp-json\/wp\/v2\/users\/1"}],"replies":[{"embeddable":true,"href":"https:\/\/www.bavoillotavocats.com\/index.php\/wp-json\/wp\/v2\/comments?post=307"}],"version-history":[{"count":6,"href":"https:\/\/www.bavoillotavocats.com\/index.php\/wp-json\/wp\/v2\/pages\/307\/revisions"}],"predecessor-version":[{"id":365,"href":"https:\/\/www.bavoillotavocats.com\/index.php\/wp-json\/wp\/v2\/pages\/307\/revisions\/365"}],"wp:attachment":[{"href":"https:\/\/www.bavoillotavocats.com\/index.php\/wp-json\/wp\/v2\/media?parent=307"}],"curies":[{"name":"wp","href":"https:\/\/api.w.org\/{rel}","templated":true}]}}